
{"id":12,"date":"2020-12-08T18:18:40","date_gmt":"2020-12-08T17:18:40","guid":{"rendered":"https:\/\/villa-thomasgarten.ch\/?page_id=12"},"modified":"2026-03-22T20:51:43","modified_gmt":"2026-03-22T19:51:43","slug":"fotogalerie","status":"publish","type":"page","link":"https:\/\/villa-thomasgarten.ch\/index.php\/fotogalerie\/","title":{"rendered":"Fotogalerie"},"content":{"rendered":"\t\t<div data-elementor-type=\"wp-page\" data-elementor-id=\"12\" class=\"elementor elementor-12\" data-elementor-post-type=\"page\">\n\t\t\t\t\t\t<section class=\"elementor-section elementor-top-section elementor-element elementor-element-e46ee5b elementor-hidden-tablet elementor-hidden-phone elementor-section-full_width elementor-section-height-default elementor-section-height-default\" data-id=\"e46ee5b\" data-element_type=\"section\" data-e-type=\"section\">\n\t\t\t\t\t\t<div class=\"elementor-container elementor-column-gap-default\">\n\t\t\t\t\t<div class=\"elementor-column elementor-col-50 elementor-top-column elementor-element elementor-element-4432db2\" data-id=\"4432db2\" data-element_type=\"column\" data-e-type=\"column\">\n\t\t\t<div class=\"elementor-widget-wrap elementor-element-populated\">\n\t\t\t\t\t\t<div class=\"elementor-element elementor-element-545285e elementor-widget elementor-widget-image\" data-id=\"545285e\" data-element_type=\"widget\" data-e-type=\"widget\" data-widget_type=\"image.default\">\n\t\t\t\t<div class=\"elementor-widget-container\">\n\t\t\t\t\t\t\t\t\t\t\t\t\t\t\t\t<a href=\"https:\/\/villa-thomasgarten.ch\/home\">\n\t\t\t\t\t\t\t<img decoding=\"async\" src=\"https:\/\/villa-thomasgarten.ch\/wp-content\/uploads\/2020\/12\/Kopie-von-Villa-Thomasgarten-2.png\" title=\"Kopie von Villa Thomasgarten (2)\" alt=\"B&amp;B Villa Thomasgarten\" loading=\"lazy\" \/>\t\t\t\t\t\t\t\t<\/a>\n\t\t\t\t\t\t\t\t\t\t\t\t\t\t\t<\/div>\n\t\t\t\t<\/div>\n\t\t\t\t\t<\/div>\n\t\t<\/div>\n\t\t\t\t<div class=\"elementor-column elementor-col-50 elementor-top-column elementor-element elementor-element-82cdff2\" data-id=\"82cdff2\" data-element_type=\"column\" data-e-type=\"column\">\n\t\t\t<div class=\"elementor-widget-wrap elementor-element-populated\">\n\t\t\t\t\t\t<div class=\"elementor-element elementor-element-fc37445 elementor-nav-menu--stretch elementor-nav-menu--dropdown-tablet elementor-nav-menu__text-align-aside elementor-nav-menu--toggle elementor-nav-menu--burger elementor-widget elementor-widget-nav-menu\" data-id=\"fc37445\" data-element_type=\"widget\" data-e-type=\"widget\" data-settings=\"{&quot;full_width&quot;:&quot;stretch&quot;,&quot;layout&quot;:&quot;horizontal&quot;,&quot;submenu_icon&quot;:{&quot;value&quot;:&quot;&lt;i class=\\&quot;fas fa-caret-down\\&quot; aria-hidden=\\&quot;true\\&quot;&gt;&lt;\\\/i&gt;&quot;,&quot;library&quot;:&quot;fa-solid&quot;},&quot;toggle&quot;:&quot;burger&quot;}\" data-widget_type=\"nav-menu.default\">\n\t\t\t\t<div class=\"elementor-widget-container\">\n\t\t\t\t\t\t\t\t<nav aria-label=\"Menu\" class=\"elementor-nav-menu--main elementor-nav-menu__container elementor-nav-menu--layout-horizontal e--pointer-overline e--animation-fade\">\n\t\t\t\t<ul id=\"menu-1-fc37445\" class=\"elementor-nav-menu\"><li class=\"menu-item menu-item-type-post_type menu-item-object-page menu-item-home menu-item-29\"><a href=\"https:\/\/villa-thomasgarten.ch\/\" class=\"elementor-item\">Home<\/a><\/li>\n<li class=\"menu-item menu-item-type-post_type menu-item-object-page menu-item-28\"><a href=\"https:\/\/villa-thomasgarten.ch\/index.php\/ausstattung\/\" class=\"elementor-item\">Ausstattung<\/a><\/li>\n<li class=\"menu-item menu-item-type-post_type menu-item-object-page menu-item-23\"><a href=\"https:\/\/villa-thomasgarten.ch\/index.php\/zimmer-preise\/\" class=\"elementor-item\">Zimmer &#038; Preise<\/a><\/li>\n<li class=\"menu-item menu-item-type-post_type menu-item-object-page menu-item-has-children menu-item-24\"><a href=\"https:\/\/villa-thomasgarten.ch\/index.php\/home-2-2\/\" class=\"elementor-item\">\u00dcber uns<\/a>\n<ul class=\"sub-menu elementor-nav-menu--dropdown\">\n\t<li class=\"menu-item menu-item-type-post_type menu-item-object-page menu-item-26\"><a href=\"https:\/\/villa-thomasgarten.ch\/index.php\/home-2\/\" class=\"elementor-sub-item\">G\u00e4stebuch<\/a><\/li>\n<\/ul>\n<\/li>\n<li class=\"menu-item menu-item-type-post_type menu-item-object-page menu-item-25\"><a href=\"https:\/\/villa-thomasgarten.ch\/index.php\/kontaktanreise\/\" class=\"elementor-item\">Kontakt &#038; Anreise<\/a><\/li>\n<li class=\"menu-item menu-item-type-post_type menu-item-object-page menu-item-497\"><a href=\"https:\/\/villa-thomasgarten.ch\/index.php\/fotogalerie\/\" class=\"elementor-item\">Fotogalerie<\/a><\/li>\n<\/ul>\t\t\t<\/nav>\n\t\t\t\t\t<div class=\"elementor-menu-toggle\" role=\"button\" tabindex=\"0\" aria-label=\"Menu Toggle\" aria-expanded=\"false\">\n\t\t\t<i aria-hidden=\"true\" role=\"presentation\" class=\"elementor-menu-toggle__icon--open eicon-menu-bar\"><\/i><i aria-hidden=\"true\" role=\"presentation\" class=\"elementor-menu-toggle__icon--close eicon-close\"><\/i>\t\t<\/div>\n\t\t\t\t\t<nav class=\"elementor-nav-menu--dropdown elementor-nav-menu__container\" aria-hidden=\"true\">\n\t\t\t\t<ul id=\"menu-2-fc37445\" class=\"elementor-nav-menu\"><li class=\"menu-item menu-item-type-post_type menu-item-object-page menu-item-home menu-item-29\"><a href=\"https:\/\/villa-thomasgarten.ch\/\" class=\"elementor-item\" tabindex=\"-1\">Home<\/a><\/li>\n<li class=\"menu-item menu-item-type-post_type menu-item-object-page menu-item-28\"><a href=\"https:\/\/villa-thomasgarten.ch\/index.php\/ausstattung\/\" class=\"elementor-item\" tabindex=\"-1\">Ausstattung<\/a><\/li>\n<li class=\"menu-item menu-item-type-post_type menu-item-object-page menu-item-23\"><a href=\"https:\/\/villa-thomasgarten.ch\/index.php\/zimmer-preise\/\" class=\"elementor-item\" tabindex=\"-1\">Zimmer &#038; Preise<\/a><\/li>\n<li class=\"menu-item menu-item-type-post_type menu-item-object-page menu-item-has-children menu-item-24\"><a href=\"https:\/\/villa-thomasgarten.ch\/index.php\/home-2-2\/\" class=\"elementor-item\" tabindex=\"-1\">\u00dcber uns<\/a>\n<ul class=\"sub-menu elementor-nav-menu--dropdown\">\n\t<li class=\"menu-item menu-item-type-post_type menu-item-object-page menu-item-26\"><a href=\"https:\/\/villa-thomasgarten.ch\/index.php\/home-2\/\" class=\"elementor-sub-item\" tabindex=\"-1\">G\u00e4stebuch<\/a><\/li>\n<\/ul>\n<\/li>\n<li class=\"menu-item menu-item-type-post_type menu-item-object-page menu-item-25\"><a href=\"https:\/\/villa-thomasgarten.ch\/index.php\/kontaktanreise\/\" class=\"elementor-item\" tabindex=\"-1\">Kontakt &#038; Anreise<\/a><\/li>\n<li class=\"menu-item menu-item-type-post_type menu-item-object-page menu-item-497\"><a href=\"https:\/\/villa-thomasgarten.ch\/index.php\/fotogalerie\/\" class=\"elementor-item\" tabindex=\"-1\">Fotogalerie<\/a><\/li>\n<\/ul>\t\t\t<\/nav>\n\t\t\t\t\t\t<\/div>\n\t\t\t\t<\/div>\n\t\t\t\t\t<\/div>\n\t\t<\/div>\n\t\t\t\t\t<\/div>\n\t\t<\/section>\n\t\t\t\t<section class=\"elementor-section elementor-top-section elementor-element elementor-element-afffb5c elementor-section-full_width elementor-hidden-desktop elementor-hidden-phone elementor-section-height-default elementor-section-height-default\" data-id=\"afffb5c\" data-element_type=\"section\" data-e-type=\"section\">\n\t\t\t\t\t\t<div class=\"elementor-container elementor-column-gap-default\">\n\t\t\t\t\t<div class=\"elementor-column elementor-col-50 elementor-top-column elementor-element elementor-element-37a84fa\" data-id=\"37a84fa\" data-element_type=\"column\" data-e-type=\"column\">\n\t\t\t<div class=\"elementor-widget-wrap elementor-element-populated\">\n\t\t\t\t\t\t<div class=\"elementor-element elementor-element-bd52804 elementor-widget elementor-widget-image\" data-id=\"bd52804\" data-element_type=\"widget\" data-e-type=\"widget\" data-widget_type=\"image.default\">\n\t\t\t\t<div class=\"elementor-widget-container\">\n\t\t\t\t\t\t\t\t\t\t\t\t\t\t\t<img decoding=\"async\" width=\"450\" height=\"80\" src=\"https:\/\/villa-thomasgarten.ch\/wp-content\/uploads\/2020\/12\/Kopie-von-Villa-Thomasgarten-2.png\" class=\"attachment-2048x2048 size-2048x2048 wp-image-976\" alt=\"B&amp;B Villa Thomasgarten\" srcset=\"https:\/\/villa-thomasgarten.ch\/wp-content\/uploads\/2020\/12\/Kopie-von-Villa-Thomasgarten-2.png 450w, https:\/\/villa-thomasgarten.ch\/wp-content\/uploads\/2020\/12\/Kopie-von-Villa-Thomasgarten-2-300x53.png 300w\" sizes=\"(max-width: 450px) 100vw, 450px\" \/>\t\t\t\t\t\t\t\t\t\t\t\t\t\t\t<\/div>\n\t\t\t\t<\/div>\n\t\t\t\t\t<\/div>\n\t\t<\/div>\n\t\t\t\t<div class=\"elementor-column elementor-col-50 elementor-top-column elementor-element elementor-element-0e86850\" data-id=\"0e86850\" data-element_type=\"column\" data-e-type=\"column\">\n\t\t\t<div class=\"elementor-widget-wrap elementor-element-populated\">\n\t\t\t\t\t\t<div class=\"elementor-element elementor-element-00495f6 elementor-nav-menu__align-start elementor-nav-menu--dropdown-none elementor-widget elementor-widget-nav-menu\" data-id=\"00495f6\" data-element_type=\"widget\" data-e-type=\"widget\" data-settings=\"{&quot;layout&quot;:&quot;horizontal&quot;,&quot;submenu_icon&quot;:{&quot;value&quot;:&quot;&lt;i class=\\&quot;fas fa-caret-down\\&quot; aria-hidden=\\&quot;true\\&quot;&gt;&lt;\\\/i&gt;&quot;,&quot;library&quot;:&quot;fa-solid&quot;}}\" data-widget_type=\"nav-menu.default\">\n\t\t\t\t<div class=\"elementor-widget-container\">\n\t\t\t\t\t\t\t\t<nav aria-label=\"Menu\" class=\"elementor-nav-menu--main elementor-nav-menu__container elementor-nav-menu--layout-horizontal e--pointer-overline e--animation-fade\">\n\t\t\t\t<ul id=\"menu-1-00495f6\" class=\"elementor-nav-menu\"><li class=\"menu-item menu-item-type-post_type menu-item-object-page menu-item-home menu-item-29\"><a href=\"https:\/\/villa-thomasgarten.ch\/\" class=\"elementor-item\">Home<\/a><\/li>\n<li class=\"menu-item menu-item-type-post_type menu-item-object-page menu-item-28\"><a href=\"https:\/\/villa-thomasgarten.ch\/index.php\/ausstattung\/\" class=\"elementor-item\">Ausstattung<\/a><\/li>\n<li class=\"menu-item menu-item-type-post_type menu-item-object-page menu-item-23\"><a href=\"https:\/\/villa-thomasgarten.ch\/index.php\/zimmer-preise\/\" class=\"elementor-item\">Zimmer &#038; Preise<\/a><\/li>\n<li class=\"menu-item menu-item-type-post_type menu-item-object-page menu-item-has-children menu-item-24\"><a href=\"https:\/\/villa-thomasgarten.ch\/index.php\/home-2-2\/\" class=\"elementor-item\">\u00dcber uns<\/a>\n<ul class=\"sub-menu elementor-nav-menu--dropdown\">\n\t<li class=\"menu-item menu-item-type-post_type menu-item-object-page menu-item-26\"><a href=\"https:\/\/villa-thomasgarten.ch\/index.php\/home-2\/\" class=\"elementor-sub-item\">G\u00e4stebuch<\/a><\/li>\n<\/ul>\n<\/li>\n<li class=\"menu-item menu-item-type-post_type menu-item-object-page menu-item-25\"><a href=\"https:\/\/villa-thomasgarten.ch\/index.php\/kontaktanreise\/\" class=\"elementor-item\">Kontakt &#038; Anreise<\/a><\/li>\n<li class=\"menu-item menu-item-type-post_type menu-item-object-page menu-item-497\"><a href=\"https:\/\/villa-thomasgarten.ch\/index.php\/fotogalerie\/\" class=\"elementor-item\">Fotogalerie<\/a><\/li>\n<\/ul>\t\t\t<\/nav>\n\t\t\t\t\t\t<nav class=\"elementor-nav-menu--dropdown elementor-nav-menu__container\" aria-hidden=\"true\">\n\t\t\t\t<ul id=\"menu-2-00495f6\" class=\"elementor-nav-menu\"><li class=\"menu-item menu-item-type-post_type menu-item-object-page menu-item-home menu-item-29\"><a href=\"https:\/\/villa-thomasgarten.ch\/\" class=\"elementor-item\" tabindex=\"-1\">Home<\/a><\/li>\n<li class=\"menu-item menu-item-type-post_type menu-item-object-page menu-item-28\"><a href=\"https:\/\/villa-thomasgarten.ch\/index.php\/ausstattung\/\" class=\"elementor-item\" tabindex=\"-1\">Ausstattung<\/a><\/li>\n<li class=\"menu-item menu-item-type-post_type menu-item-object-page menu-item-23\"><a href=\"https:\/\/villa-thomasgarten.ch\/index.php\/zimmer-preise\/\" class=\"elementor-item\" tabindex=\"-1\">Zimmer &#038; Preise<\/a><\/li>\n<li class=\"menu-item menu-item-type-post_type menu-item-object-page menu-item-has-children menu-item-24\"><a href=\"https:\/\/villa-thomasgarten.ch\/index.php\/home-2-2\/\" class=\"elementor-item\" tabindex=\"-1\">\u00dcber uns<\/a>\n<ul class=\"sub-menu elementor-nav-menu--dropdown\">\n\t<li class=\"menu-item menu-item-type-post_type menu-item-object-page menu-item-26\"><a href=\"https:\/\/villa-thomasgarten.ch\/index.php\/home-2\/\" class=\"elementor-sub-item\" tabindex=\"-1\">G\u00e4stebuch<\/a><\/li>\n<\/ul>\n<\/li>\n<li class=\"menu-item menu-item-type-post_type menu-item-object-page menu-item-25\"><a href=\"https:\/\/villa-thomasgarten.ch\/index.php\/kontaktanreise\/\" class=\"elementor-item\" tabindex=\"-1\">Kontakt &#038; Anreise<\/a><\/li>\n<li class=\"menu-item menu-item-type-post_type menu-item-object-page menu-item-497\"><a href=\"https:\/\/villa-thomasgarten.ch\/index.php\/fotogalerie\/\" class=\"elementor-item\" tabindex=\"-1\">Fotogalerie<\/a><\/li>\n<\/ul>\t\t\t<\/nav>\n\t\t\t\t\t\t<\/div>\n\t\t\t\t<\/div>\n\t\t\t\t\t<\/div>\n\t\t<\/div>\n\t\t\t\t\t<\/div>\n\t\t<\/section>\n\t\t\t\t<section class=\"elementor-section elementor-top-section elementor-element elementor-element-3a19c47 elementor-section-full_width elementor-hidden-desktop elementor-hidden-tablet elementor-section-height-default elementor-section-height-default\" data-id=\"3a19c47\" data-element_type=\"section\" data-e-type=\"section\">\n\t\t\t\t\t\t<div class=\"elementor-container elementor-column-gap-default\">\n\t\t\t\t\t<div class=\"elementor-column elementor-col-50 elementor-top-column elementor-element elementor-element-dc78b2e\" data-id=\"dc78b2e\" data-element_type=\"column\" data-e-type=\"column\">\n\t\t\t<div class=\"elementor-widget-wrap elementor-element-populated\">\n\t\t\t\t\t\t<div class=\"elementor-element elementor-element-a17c79f elementor-widget elementor-widget-image\" data-id=\"a17c79f\" data-element_type=\"widget\" data-e-type=\"widget\" data-widget_type=\"image.default\">\n\t\t\t\t<div class=\"elementor-widget-container\">\n\t\t\t\t\t\t\t\t\t\t\t\t\t\t\t<img decoding=\"async\" width=\"450\" height=\"80\" src=\"https:\/\/villa-thomasgarten.ch\/wp-content\/uploads\/2020\/12\/Kopie-von-Villa-Thomasgarten-2.png\" class=\"attachment-2048x2048 size-2048x2048 wp-image-976\" alt=\"B&amp;B Villa Thomasgarten\" srcset=\"https:\/\/villa-thomasgarten.ch\/wp-content\/uploads\/2020\/12\/Kopie-von-Villa-Thomasgarten-2.png 450w, https:\/\/villa-thomasgarten.ch\/wp-content\/uploads\/2020\/12\/Kopie-von-Villa-Thomasgarten-2-300x53.png 300w\" sizes=\"(max-width: 450px) 100vw, 450px\" \/>\t\t\t\t\t\t\t\t\t\t\t\t\t\t\t<\/div>\n\t\t\t\t<\/div>\n\t\t\t\t\t<\/div>\n\t\t<\/div>\n\t\t\t\t<div class=\"elementor-column elementor-col-50 elementor-top-column elementor-element elementor-element-b84c598\" data-id=\"b84c598\" data-element_type=\"column\" data-e-type=\"column\">\n\t\t\t<div class=\"elementor-widget-wrap elementor-element-populated\">\n\t\t\t\t\t\t<div class=\"elementor-element elementor-element-ce1b397 elementor-nav-menu--stretch elementor-nav-menu--dropdown-tablet elementor-nav-menu__text-align-aside elementor-nav-menu--toggle elementor-nav-menu--burger elementor-widget elementor-widget-nav-menu\" data-id=\"ce1b397\" data-element_type=\"widget\" data-e-type=\"widget\" data-settings=\"{&quot;full_width&quot;:&quot;stretch&quot;,&quot;layout&quot;:&quot;horizontal&quot;,&quot;submenu_icon&quot;:{&quot;value&quot;:&quot;&lt;i class=\\&quot;fas fa-caret-down\\&quot; aria-hidden=\\&quot;true\\&quot;&gt;&lt;\\\/i&gt;&quot;,&quot;library&quot;:&quot;fa-solid&quot;},&quot;toggle&quot;:&quot;burger&quot;}\" data-widget_type=\"nav-menu.default\">\n\t\t\t\t<div class=\"elementor-widget-container\">\n\t\t\t\t\t\t\t\t<nav aria-label=\"Menu\" class=\"elementor-nav-menu--main elementor-nav-menu__container elementor-nav-menu--layout-horizontal e--pointer-overline e--animation-fade\">\n\t\t\t\t<ul id=\"menu-1-ce1b397\" class=\"elementor-nav-menu\"><li class=\"menu-item menu-item-type-post_type menu-item-object-page menu-item-home menu-item-29\"><a href=\"https:\/\/villa-thomasgarten.ch\/\" class=\"elementor-item\">Home<\/a><\/li>\n<li class=\"menu-item menu-item-type-post_type menu-item-object-page menu-item-28\"><a href=\"https:\/\/villa-thomasgarten.ch\/index.php\/ausstattung\/\" class=\"elementor-item\">Ausstattung<\/a><\/li>\n<li class=\"menu-item menu-item-type-post_type menu-item-object-page menu-item-23\"><a href=\"https:\/\/villa-thomasgarten.ch\/index.php\/zimmer-preise\/\" class=\"elementor-item\">Zimmer &#038; Preise<\/a><\/li>\n<li class=\"menu-item menu-item-type-post_type menu-item-object-page menu-item-has-children menu-item-24\"><a href=\"https:\/\/villa-thomasgarten.ch\/index.php\/home-2-2\/\" class=\"elementor-item\">\u00dcber uns<\/a>\n<ul class=\"sub-menu elementor-nav-menu--dropdown\">\n\t<li class=\"menu-item menu-item-type-post_type menu-item-object-page menu-item-26\"><a href=\"https:\/\/villa-thomasgarten.ch\/index.php\/home-2\/\" class=\"elementor-sub-item\">G\u00e4stebuch<\/a><\/li>\n<\/ul>\n<\/li>\n<li class=\"menu-item menu-item-type-post_type menu-item-object-page menu-item-25\"><a href=\"https:\/\/villa-thomasgarten.ch\/index.php\/kontaktanreise\/\" class=\"elementor-item\">Kontakt &#038; Anreise<\/a><\/li>\n<li class=\"menu-item menu-item-type-post_type menu-item-object-page menu-item-497\"><a href=\"https:\/\/villa-thomasgarten.ch\/index.php\/fotogalerie\/\" class=\"elementor-item\">Fotogalerie<\/a><\/li>\n<\/ul>\t\t\t<\/nav>\n\t\t\t\t\t<div class=\"elementor-menu-toggle\" role=\"button\" tabindex=\"0\" aria-label=\"Menu Toggle\" aria-expanded=\"false\">\n\t\t\t<i aria-hidden=\"true\" role=\"presentation\" class=\"elementor-menu-toggle__icon--open eicon-menu-bar\"><\/i><i aria-hidden=\"true\" role=\"presentation\" class=\"elementor-menu-toggle__icon--close eicon-close\"><\/i>\t\t<\/div>\n\t\t\t\t\t<nav class=\"elementor-nav-menu--dropdown elementor-nav-menu__container\" aria-hidden=\"true\">\n\t\t\t\t<ul id=\"menu-2-ce1b397\" class=\"elementor-nav-menu\"><li class=\"menu-item menu-item-type-post_type menu-item-object-page menu-item-home menu-item-29\"><a href=\"https:\/\/villa-thomasgarten.ch\/\" class=\"elementor-item\" tabindex=\"-1\">Home<\/a><\/li>\n<li class=\"menu-item menu-item-type-post_type menu-item-object-page menu-item-28\"><a href=\"https:\/\/villa-thomasgarten.ch\/index.php\/ausstattung\/\" class=\"elementor-item\" tabindex=\"-1\">Ausstattung<\/a><\/li>\n<li class=\"menu-item menu-item-type-post_type menu-item-object-page menu-item-23\"><a href=\"https:\/\/villa-thomasgarten.ch\/index.php\/zimmer-preise\/\" class=\"elementor-item\" tabindex=\"-1\">Zimmer &#038; Preise<\/a><\/li>\n<li class=\"menu-item menu-item-type-post_type menu-item-object-page menu-item-has-children menu-item-24\"><a href=\"https:\/\/villa-thomasgarten.ch\/index.php\/home-2-2\/\" class=\"elementor-item\" tabindex=\"-1\">\u00dcber uns<\/a>\n<ul class=\"sub-menu elementor-nav-menu--dropdown\">\n\t<li class=\"menu-item menu-item-type-post_type menu-item-object-page menu-item-26\"><a href=\"https:\/\/villa-thomasgarten.ch\/index.php\/home-2\/\" class=\"elementor-sub-item\" tabindex=\"-1\">G\u00e4stebuch<\/a><\/li>\n<\/ul>\n<\/li>\n<li class=\"menu-item menu-item-type-post_type menu-item-object-page menu-item-25\"><a href=\"https:\/\/villa-thomasgarten.ch\/index.php\/kontaktanreise\/\" class=\"elementor-item\" tabindex=\"-1\">Kontakt &#038; Anreise<\/a><\/li>\n<li class=\"menu-item menu-item-type-post_type menu-item-object-page menu-item-497\"><a href=\"https:\/\/villa-thomasgarten.ch\/index.php\/fotogalerie\/\" class=\"elementor-item\" tabindex=\"-1\">Fotogalerie<\/a><\/li>\n<\/ul>\t\t\t<\/nav>\n\t\t\t\t\t\t<\/div>\n\t\t\t\t<\/div>\n\t\t\t\t\t<\/div>\n\t\t<\/div>\n\t\t\t\t\t<\/div>\n\t\t<\/section>\n\t\t\t\t<section class=\"elementor-section elementor-top-section elementor-element elementor-element-f3fd5f0 elementor-section-boxed elementor-section-height-default elementor-section-height-default\" data-id=\"f3fd5f0\" data-element_type=\"section\" data-e-type=\"section\">\n\t\t\t\t\t\t<div class=\"elementor-container elementor-column-gap-default\">\n\t\t\t\t\t<div class=\"elementor-column elementor-col-100 elementor-top-column elementor-element elementor-element-f5d3840\" data-id=\"f5d3840\" data-element_type=\"column\" data-e-type=\"column\">\n\t\t\t<div class=\"elementor-widget-wrap elementor-element-populated\">\n\t\t\t\t\t\t<div class=\"elementor-element elementor-element-8c6c90f elementor-widget elementor-widget-heading\" data-id=\"8c6c90f\" data-element_type=\"widget\" data-e-type=\"widget\" data-widget_type=\"heading.default\">\n\t\t\t\t<div class=\"elementor-widget-container\">\n\t\t\t\t\t<h1 class=\"elementor-heading-title elementor-size-default\">Fotogalerie<\/h1>\t\t\t\t<\/div>\n\t\t\t\t<\/div>\n\t\t\t\t\t<\/div>\n\t\t<\/div>\n\t\t\t\t\t<\/div>\n\t\t<\/section>\n\t\t\t\t<section class=\"elementor-section elementor-top-section elementor-element elementor-element-6dbc7f1 elementor-section-boxed elementor-section-height-default elementor-section-height-default\" data-id=\"6dbc7f1\" data-element_type=\"section\" data-e-type=\"section\">\n\t\t\t\t\t\t<div class=\"elementor-container elementor-column-gap-default\">\n\t\t\t\t\t<div class=\"elementor-column elementor-col-100 elementor-top-column elementor-element elementor-element-84fd43a\" data-id=\"84fd43a\" data-element_type=\"column\" data-e-type=\"column\">\n\t\t\t<div class=\"elementor-widget-wrap elementor-element-populated\">\n\t\t\t\t\t\t<div class=\"elementor-element elementor-element-219e293 elementor-widget-divider--view-line elementor-widget elementor-widget-divider\" data-id=\"219e293\" data-element_type=\"widget\" data-e-type=\"widget\" data-widget_type=\"divider.default\">\n\t\t\t\t<div class=\"elementor-widget-container\">\n\t\t\t\t\t\t\t<div class=\"elementor-divider\">\n\t\t\t<span class=\"elementor-divider-separator\">\n\t\t\t\t\t\t<\/span>\n\t\t<\/div>\n\t\t\t\t\t\t<\/div>\n\t\t\t\t<\/div>\n\t\t\t\t\t<\/div>\n\t\t<\/div>\n\t\t\t\t\t<\/div>\n\t\t<\/section>\n\t\t\t\t<section class=\"elementor-section elementor-top-section elementor-element elementor-element-b942385 elementor-section-boxed elementor-section-height-default elementor-section-height-default\" data-id=\"b942385\" data-element_type=\"section\" data-e-type=\"section\">\n\t\t\t\t\t\t<div class=\"elementor-container elementor-column-gap-default\">\n\t\t\t\t\t<div class=\"elementor-column elementor-col-50 elementor-top-column elementor-element elementor-element-caf13e1\" data-id=\"caf13e1\" data-element_type=\"column\" data-e-type=\"column\">\n\t\t\t<div class=\"elementor-widget-wrap elementor-element-populated\">\n\t\t\t\t\t\t<div class=\"elementor-element elementor-element-943da24 elementor-widget elementor-widget-image\" data-id=\"943da24\" data-element_type=\"widget\" data-e-type=\"widget\" data-widget_type=\"image.default\">\n\t\t\t\t<div class=\"elementor-widget-container\">\n\t\t\t\t\t\t\t\t\t\t\t\t<figure class=\"wp-caption\">\n\t\t\t\t\t\t\t\t\t\t<img fetchpriority=\"high\" decoding=\"async\" width=\"800\" height=\"450\" src=\"https:\/\/villa-thomasgarten.ch\/wp-content\/uploads\/2021\/01\/Bus-von-Basel-1024x576.png\" class=\"attachment-large size-large wp-image-490\" alt=\"B&amp;B Villa Thomasgarten\" srcset=\"https:\/\/villa-thomasgarten.ch\/wp-content\/uploads\/2021\/01\/Bus-von-Basel-1024x576.png 1024w, https:\/\/villa-thomasgarten.ch\/wp-content\/uploads\/2021\/01\/Bus-von-Basel-300x169.png 300w, https:\/\/villa-thomasgarten.ch\/wp-content\/uploads\/2021\/01\/Bus-von-Basel-768x432.png 768w, https:\/\/villa-thomasgarten.ch\/wp-content\/uploads\/2021\/01\/Bus-von-Basel-1536x864.png 1536w, https:\/\/villa-thomasgarten.ch\/wp-content\/uploads\/2021\/01\/Bus-von-Basel.png 1920w\" sizes=\"(max-width: 800px) 100vw, 800px\" \/>\t\t\t\t\t\t\t\t\t\t\t<figcaption class=\"widget-image-caption wp-caption-text\">Bus von Basel<\/figcaption>\n\t\t\t\t\t\t\t\t\t\t<\/figure>\n\t\t\t\t\t\t\t\t\t<\/div>\n\t\t\t\t<\/div>\n\t\t\t\t\t<\/div>\n\t\t<\/div>\n\t\t\t\t<div class=\"elementor-column elementor-col-50 elementor-top-column elementor-element elementor-element-335e636\" data-id=\"335e636\" data-element_type=\"column\" data-e-type=\"column\">\n\t\t\t<div class=\"elementor-widget-wrap elementor-element-populated\">\n\t\t\t\t\t\t<div class=\"elementor-element elementor-element-16859ad elementor-widget elementor-widget-image\" data-id=\"16859ad\" data-element_type=\"widget\" data-e-type=\"widget\" data-widget_type=\"image.default\">\n\t\t\t\t<div class=\"elementor-widget-container\">\n\t\t\t\t\t\t\t\t\t\t\t\t<figure class=\"wp-caption\">\n\t\t\t\t\t\t\t\t\t\t<img decoding=\"async\" width=\"800\" height=\"450\" src=\"https:\/\/villa-thomasgarten.ch\/wp-content\/uploads\/2021\/01\/Tram-von-Basel-1024x576.png\" class=\"attachment-large size-large wp-image-489\" alt=\"B&amp;B Villa Thomasgarten\" srcset=\"https:\/\/villa-thomasgarten.ch\/wp-content\/uploads\/2021\/01\/Tram-von-Basel-1024x576.png 1024w, https:\/\/villa-thomasgarten.ch\/wp-content\/uploads\/2021\/01\/Tram-von-Basel-300x169.png 300w, https:\/\/villa-thomasgarten.ch\/wp-content\/uploads\/2021\/01\/Tram-von-Basel-768x432.png 768w, https:\/\/villa-thomasgarten.ch\/wp-content\/uploads\/2021\/01\/Tram-von-Basel-1536x864.png 1536w, https:\/\/villa-thomasgarten.ch\/wp-content\/uploads\/2021\/01\/Tram-von-Basel.png 1920w\" sizes=\"(max-width: 800px) 100vw, 800px\" \/>\t\t\t\t\t\t\t\t\t\t\t<figcaption class=\"widget-image-caption wp-caption-text\">Tram von Basel<\/figcaption>\n\t\t\t\t\t\t\t\t\t\t<\/figure>\n\t\t\t\t\t\t\t\t\t<\/div>\n\t\t\t\t<\/div>\n\t\t\t\t\t<\/div>\n\t\t<\/div>\n\t\t\t\t\t<\/div>\n\t\t<\/section>\n\t\t\t\t<section class=\"elementor-section elementor-top-section elementor-element elementor-element-82e0259 elementor-section-boxed elementor-section-height-default elementor-section-height-default\" data-id=\"82e0259\" data-element_type=\"section\" data-e-type=\"section\">\n\t\t\t\t\t\t<div class=\"elementor-container elementor-column-gap-default\">\n\t\t\t\t\t<div class=\"elementor-column elementor-col-50 elementor-top-column elementor-element elementor-element-cdd03fb\" data-id=\"cdd03fb\" data-element_type=\"column\" data-e-type=\"column\">\n\t\t\t<div class=\"elementor-widget-wrap elementor-element-populated\">\n\t\t\t\t\t\t<div class=\"elementor-element elementor-element-4e7f6a2 elementor-widget elementor-widget-image\" data-id=\"4e7f6a2\" data-element_type=\"widget\" data-e-type=\"widget\" data-widget_type=\"image.default\">\n\t\t\t\t<div class=\"elementor-widget-container\">\n\t\t\t\t\t\t\t\t\t\t\t\t<figure class=\"wp-caption\">\n\t\t\t\t\t\t\t\t\t\t<img loading=\"lazy\" decoding=\"async\" width=\"800\" height=\"450\" src=\"https:\/\/villa-thomasgarten.ch\/wp-content\/uploads\/2021\/01\/Restaurant-1024x576.png\" class=\"attachment-large size-large wp-image-488\" alt=\"B&amp;B Villa Thomasgarten\" srcset=\"https:\/\/villa-thomasgarten.ch\/wp-content\/uploads\/2021\/01\/Restaurant-1024x576.png 1024w, https:\/\/villa-thomasgarten.ch\/wp-content\/uploads\/2021\/01\/Restaurant-300x169.png 300w, https:\/\/villa-thomasgarten.ch\/wp-content\/uploads\/2021\/01\/Restaurant-768x432.png 768w, https:\/\/villa-thomasgarten.ch\/wp-content\/uploads\/2021\/01\/Restaurant-1536x864.png 1536w, https:\/\/villa-thomasgarten.ch\/wp-content\/uploads\/2021\/01\/Restaurant.png 1920w\" sizes=\"(max-width: 800px) 100vw, 800px\" \/>\t\t\t\t\t\t\t\t\t\t\t<figcaption class=\"widget-image-caption wp-caption-text\">Restaurant<\/figcaption>\n\t\t\t\t\t\t\t\t\t\t<\/figure>\n\t\t\t\t\t\t\t\t\t<\/div>\n\t\t\t\t<\/div>\n\t\t\t\t\t<\/div>\n\t\t<\/div>\n\t\t\t\t<div class=\"elementor-column elementor-col-50 elementor-top-column elementor-element elementor-element-b035066\" data-id=\"b035066\" data-element_type=\"column\" data-e-type=\"column\">\n\t\t\t<div class=\"elementor-widget-wrap elementor-element-populated\">\n\t\t\t\t\t\t<div class=\"elementor-element elementor-element-28dc35a elementor-widget elementor-widget-image\" data-id=\"28dc35a\" data-element_type=\"widget\" data-e-type=\"widget\" data-widget_type=\"image.default\">\n\t\t\t\t<div class=\"elementor-widget-container\">\n\t\t\t\t\t\t\t\t\t\t\t\t<figure class=\"wp-caption\">\n\t\t\t\t\t\t\t\t\t\t<img loading=\"lazy\" decoding=\"async\" width=\"800\" height=\"450\" src=\"https:\/\/villa-thomasgarten.ch\/wp-content\/uploads\/2021\/01\/Dorfkern-mit-katholischer-Kirche-1024x576.png\" class=\"attachment-large size-large wp-image-487\" alt=\"B&amp;B Villa Thomasgarten\" srcset=\"https:\/\/villa-thomasgarten.ch\/wp-content\/uploads\/2021\/01\/Dorfkern-mit-katholischer-Kirche-1024x576.png 1024w, https:\/\/villa-thomasgarten.ch\/wp-content\/uploads\/2021\/01\/Dorfkern-mit-katholischer-Kirche-300x169.png 300w, https:\/\/villa-thomasgarten.ch\/wp-content\/uploads\/2021\/01\/Dorfkern-mit-katholischer-Kirche-768x432.png 768w, https:\/\/villa-thomasgarten.ch\/wp-content\/uploads\/2021\/01\/Dorfkern-mit-katholischer-Kirche-1536x864.png 1536w, https:\/\/villa-thomasgarten.ch\/wp-content\/uploads\/2021\/01\/Dorfkern-mit-katholischer-Kirche.png 1920w\" sizes=\"(max-width: 800px) 100vw, 800px\" \/>\t\t\t\t\t\t\t\t\t\t\t<figcaption class=\"widget-image-caption wp-caption-text\">Dorfkern mit katholischer KIrche<\/figcaption>\n\t\t\t\t\t\t\t\t\t\t<\/figure>\n\t\t\t\t\t\t\t\t\t<\/div>\n\t\t\t\t<\/div>\n\t\t\t\t\t<\/div>\n\t\t<\/div>\n\t\t\t\t\t<\/div>\n\t\t<\/section>\n\t\t\t\t<section class=\"elementor-section elementor-top-section elementor-element elementor-element-f9c96a1 elementor-section-boxed elementor-section-height-default elementor-section-height-default\" data-id=\"f9c96a1\" data-element_type=\"section\" data-e-type=\"section\">\n\t\t\t\t\t\t<div class=\"elementor-container elementor-column-gap-default\">\n\t\t\t\t\t<div class=\"elementor-column elementor-col-50 elementor-top-column elementor-element elementor-element-0e00d90\" data-id=\"0e00d90\" data-element_type=\"column\" data-e-type=\"column\">\n\t\t\t<div class=\"elementor-widget-wrap elementor-element-populated\">\n\t\t\t\t\t\t<div class=\"elementor-element elementor-element-dfd4414 elementor-widget elementor-widget-image\" data-id=\"dfd4414\" data-element_type=\"widget\" data-e-type=\"widget\" data-widget_type=\"image.default\">\n\t\t\t\t<div class=\"elementor-widget-container\">\n\t\t\t\t\t\t\t\t\t\t\t\t<figure class=\"wp-caption\">\n\t\t\t\t\t\t\t\t\t\t<img loading=\"lazy\" decoding=\"async\" width=\"800\" height=\"450\" src=\"https:\/\/villa-thomasgarten.ch\/wp-content\/uploads\/2021\/01\/Coop-Supermarkt-1024x576.png\" class=\"attachment-large size-large wp-image-486\" alt=\"B&amp;B Villa Thomasgarten\" srcset=\"https:\/\/villa-thomasgarten.ch\/wp-content\/uploads\/2021\/01\/Coop-Supermarkt-1024x576.png 1024w, https:\/\/villa-thomasgarten.ch\/wp-content\/uploads\/2021\/01\/Coop-Supermarkt-300x169.png 300w, https:\/\/villa-thomasgarten.ch\/wp-content\/uploads\/2021\/01\/Coop-Supermarkt-768x432.png 768w, https:\/\/villa-thomasgarten.ch\/wp-content\/uploads\/2021\/01\/Coop-Supermarkt-1536x864.png 1536w, https:\/\/villa-thomasgarten.ch\/wp-content\/uploads\/2021\/01\/Coop-Supermarkt.png 1920w\" sizes=\"(max-width: 800px) 100vw, 800px\" \/>\t\t\t\t\t\t\t\t\t\t\t<figcaption class=\"widget-image-caption wp-caption-text\">Coop Supermarkt<\/figcaption>\n\t\t\t\t\t\t\t\t\t\t<\/figure>\n\t\t\t\t\t\t\t\t\t<\/div>\n\t\t\t\t<\/div>\n\t\t\t\t\t<\/div>\n\t\t<\/div>\n\t\t\t\t<div class=\"elementor-column elementor-col-50 elementor-top-column elementor-element elementor-element-ddb9602 elementor-hidden-tablet elementor-hidden-phone\" data-id=\"ddb9602\" data-element_type=\"column\" data-e-type=\"column\">\n\t\t\t<div class=\"elementor-widget-wrap elementor-element-populated\">\n\t\t\t\t\t\t<div class=\"elementor-element elementor-element-75f02a3 elementor-widget elementor-widget-image\" data-id=\"75f02a3\" data-element_type=\"widget\" data-e-type=\"widget\" data-widget_type=\"image.default\">\n\t\t\t\t<div class=\"elementor-widget-container\">\n\t\t\t\t\t\t\t\t\t\t\t\t<figure class=\"wp-caption\">\n\t\t\t\t\t\t\t\t\t\t<img loading=\"lazy\" decoding=\"async\" width=\"800\" height=\"450\" src=\"https:\/\/villa-thomasgarten.ch\/wp-content\/uploads\/2021\/01\/Kopie-von-Kopie-von-Villa-Thomasgarten-5-1024x576.png\" class=\"attachment-large size-large wp-image-1085\" alt=\"B&amp;B Villa Thomasgarten\" srcset=\"https:\/\/villa-thomasgarten.ch\/wp-content\/uploads\/2021\/01\/Kopie-von-Kopie-von-Villa-Thomasgarten-5-1024x576.png 1024w, https:\/\/villa-thomasgarten.ch\/wp-content\/uploads\/2021\/01\/Kopie-von-Kopie-von-Villa-Thomasgarten-5-300x169.png 300w, https:\/\/villa-thomasgarten.ch\/wp-content\/uploads\/2021\/01\/Kopie-von-Kopie-von-Villa-Thomasgarten-5-768x432.png 768w, https:\/\/villa-thomasgarten.ch\/wp-content\/uploads\/2021\/01\/Kopie-von-Kopie-von-Villa-Thomasgarten-5-1536x864.png 1536w, https:\/\/villa-thomasgarten.ch\/wp-content\/uploads\/2021\/01\/Kopie-von-Kopie-von-Villa-Thomasgarten-5.png 1920w\" sizes=\"(max-width: 800px) 100vw, 800px\" \/>\t\t\t\t\t\t\t\t\t\t\t<figcaption class=\"widget-image-caption wp-caption-text\">Wundersch\u00f6ner Doppelregenbogen \u00fcber Oberwil<\/figcaption>\n\t\t\t\t\t\t\t\t\t\t<\/figure>\n\t\t\t\t\t\t\t\t\t<\/div>\n\t\t\t\t<\/div>\n\t\t\t\t\t<\/div>\n\t\t<\/div>\n\t\t\t\t\t<\/div>\n\t\t<\/section>\n\t\t\t\t<section class=\"elementor-section elementor-top-section elementor-element elementor-element-ad75bed elementor-section-boxed elementor-section-height-default elementor-section-height-default\" data-id=\"ad75bed\" data-element_type=\"section\" data-e-type=\"section\">\n\t\t\t\t\t\t<div class=\"elementor-container elementor-column-gap-default\">\n\t\t\t\t\t<div class=\"elementor-column elementor-col-50 elementor-top-column elementor-element elementor-element-22003e2\" data-id=\"22003e2\" data-element_type=\"column\" data-e-type=\"column\">\n\t\t\t<div class=\"elementor-widget-wrap elementor-element-populated\">\n\t\t\t\t\t\t<div class=\"elementor-element elementor-element-7fe2bfe elementor-widget elementor-widget-image\" data-id=\"7fe2bfe\" data-element_type=\"widget\" data-e-type=\"widget\" data-widget_type=\"image.default\">\n\t\t\t\t<div class=\"elementor-widget-container\">\n\t\t\t\t\t\t\t\t\t\t\t\t<figure class=\"wp-caption\">\n\t\t\t\t\t\t\t\t\t\t<img loading=\"lazy\" decoding=\"async\" width=\"800\" height=\"450\" src=\"https:\/\/villa-thomasgarten.ch\/wp-content\/uploads\/2021\/01\/Kopie-von-Kopie-von-Villa-Thomasgarten-7-1024x576.png\" class=\"attachment-large size-large wp-image-1088\" alt=\"B&amp;B Villa Thomasgarten\" srcset=\"https:\/\/villa-thomasgarten.ch\/wp-content\/uploads\/2021\/01\/Kopie-von-Kopie-von-Villa-Thomasgarten-7-1024x576.png 1024w, https:\/\/villa-thomasgarten.ch\/wp-content\/uploads\/2021\/01\/Kopie-von-Kopie-von-Villa-Thomasgarten-7-300x169.png 300w, https:\/\/villa-thomasgarten.ch\/wp-content\/uploads\/2021\/01\/Kopie-von-Kopie-von-Villa-Thomasgarten-7-768x432.png 768w, https:\/\/villa-thomasgarten.ch\/wp-content\/uploads\/2021\/01\/Kopie-von-Kopie-von-Villa-Thomasgarten-7-1536x864.png 1536w, https:\/\/villa-thomasgarten.ch\/wp-content\/uploads\/2021\/01\/Kopie-von-Kopie-von-Villa-Thomasgarten-7.png 1920w\" sizes=\"(max-width: 800px) 100vw, 800px\" \/>\t\t\t\t\t\t\t\t\t\t\t<figcaption class=\"widget-image-caption wp-caption-text\">Entspannte Atmosph\u00e4re<\/figcaption>\n\t\t\t\t\t\t\t\t\t\t<\/figure>\n\t\t\t\t\t\t\t\t\t<\/div>\n\t\t\t\t<\/div>\n\t\t\t\t\t<\/div>\n\t\t<\/div>\n\t\t\t\t<div class=\"elementor-column elementor-col-50 elementor-top-column elementor-element elementor-element-e8c8f76 elementor-hidden-tablet elementor-hidden-phone\" data-id=\"e8c8f76\" data-element_type=\"column\" data-e-type=\"column\">\n\t\t\t<div class=\"elementor-widget-wrap elementor-element-populated\">\n\t\t\t\t\t\t<div class=\"elementor-element elementor-element-8853343 elementor-widget elementor-widget-image\" data-id=\"8853343\" data-element_type=\"widget\" data-e-type=\"widget\" data-widget_type=\"image.default\">\n\t\t\t\t<div class=\"elementor-widget-container\">\n\t\t\t\t\t\t\t\t\t\t\t\t<figure class=\"wp-caption\">\n\t\t\t\t\t\t\t\t\t\t<img loading=\"lazy\" decoding=\"async\" width=\"800\" height=\"450\" src=\"https:\/\/villa-thomasgarten.ch\/wp-content\/uploads\/2021\/01\/Kopie-von-Kopie-von-Villa-Thomasgarten-6-1024x576.png\" class=\"attachment-large size-large wp-image-1086\" alt=\"B&amp;B Villa Thomasgarten\" srcset=\"https:\/\/villa-thomasgarten.ch\/wp-content\/uploads\/2021\/01\/Kopie-von-Kopie-von-Villa-Thomasgarten-6-1024x576.png 1024w, https:\/\/villa-thomasgarten.ch\/wp-content\/uploads\/2021\/01\/Kopie-von-Kopie-von-Villa-Thomasgarten-6-300x169.png 300w, https:\/\/villa-thomasgarten.ch\/wp-content\/uploads\/2021\/01\/Kopie-von-Kopie-von-Villa-Thomasgarten-6-768x432.png 768w, https:\/\/villa-thomasgarten.ch\/wp-content\/uploads\/2021\/01\/Kopie-von-Kopie-von-Villa-Thomasgarten-6-1536x864.png 1536w, https:\/\/villa-thomasgarten.ch\/wp-content\/uploads\/2021\/01\/Kopie-von-Kopie-von-Villa-Thomasgarten-6.png 1920w\" sizes=\"(max-width: 800px) 100vw, 800px\" \/>\t\t\t\t\t\t\t\t\t\t\t<figcaption class=\"widget-image-caption wp-caption-text\">Verschneite Villa Thomasgarten<\/figcaption>\n\t\t\t\t\t\t\t\t\t\t<\/figure>\n\t\t\t\t\t\t\t\t\t<\/div>\n\t\t\t\t<\/div>\n\t\t\t\t\t<\/div>\n\t\t<\/div>\n\t\t\t\t\t<\/div>\n\t\t<\/section>\n\t\t\t\t<section class=\"elementor-section elementor-top-section elementor-element elementor-element-6cb0b3fd elementor-section-height-min-height elementor-section-boxed elementor-section-height-default elementor-section-items-middle\" data-id=\"6cb0b3fd\" data-element_type=\"section\" data-e-type=\"section\" data-settings=\"{&quot;background_background&quot;:&quot;gradient&quot;}\">\n\t\t\t\t\t\t<div class=\"elementor-container elementor-column-gap-default\">\n\t\t\t\t\t<div class=\"elementor-column elementor-col-20 elementor-top-column elementor-element elementor-element-6dddc1d4\" data-id=\"6dddc1d4\" data-element_type=\"column\" data-e-type=\"column\">\n\t\t\t<div class=\"elementor-widget-wrap elementor-element-populated\">\n\t\t\t\t\t\t<div class=\"elementor-element elementor-element-43031490 elementor-widget elementor-widget-image\" data-id=\"43031490\" data-element_type=\"widget\" data-e-type=\"widget\" data-widget_type=\"image.default\">\n\t\t\t\t<div class=\"elementor-widget-container\">\n\t\t\t\t\t\t\t\t\t\t\t\t\t\t\t\t<a href=\"http:\/\/villa-thomasgarten.ch\">\n\t\t\t\t\t\t\t<img loading=\"lazy\" decoding=\"async\" width=\"450\" height=\"80\" src=\"https:\/\/villa-thomasgarten.ch\/wp-content\/uploads\/2020\/12\/Kopie-von-Villa-Thomasgarten-3.png\" class=\"attachment-large size-large wp-image-978\" alt=\"B&amp;B Villa Thomasgarten\" srcset=\"https:\/\/villa-thomasgarten.ch\/wp-content\/uploads\/2020\/12\/Kopie-von-Villa-Thomasgarten-3.png 450w, https:\/\/villa-thomasgarten.ch\/wp-content\/uploads\/2020\/12\/Kopie-von-Villa-Thomasgarten-3-300x53.png 300w\" sizes=\"(max-width: 450px) 100vw, 450px\" \/>\t\t\t\t\t\t\t\t<\/a>\n\t\t\t\t\t\t\t\t\t\t\t\t\t\t\t<\/div>\n\t\t\t\t<\/div>\n\t\t\t\t\t<\/div>\n\t\t<\/div>\n\t\t\t\t<div class=\"elementor-column elementor-col-20 elementor-top-column elementor-element elementor-element-68deefd5\" data-id=\"68deefd5\" data-element_type=\"column\" data-e-type=\"column\">\n\t\t\t<div class=\"elementor-widget-wrap\">\n\t\t\t\t\t\t\t<\/div>\n\t\t<\/div>\n\t\t\t\t<div class=\"elementor-column elementor-col-20 elementor-top-column elementor-element elementor-element-5ce721de\" data-id=\"5ce721de\" data-element_type=\"column\" data-e-type=\"column\">\n\t\t\t<div class=\"elementor-widget-wrap elementor-element-populated\">\n\t\t\t\t\t\t\t<\/div>\n\t\t<\/div>\n\t\t\t\t<div class=\"elementor-column elementor-col-20 elementor-top-column elementor-element elementor-element-38c1ea8\" data-id=\"38c1ea8\" data-element_type=\"column\" data-e-type=\"column\">\n\t\t\t<div class=\"elementor-widget-wrap elementor-element-populated\">\n\t\t\t\t\t\t<div class=\"elementor-element elementor-element-7bbd06e9 elementor-widget elementor-widget-heading\" data-id=\"7bbd06e9\" data-element_type=\"widget\" data-e-type=\"widget\" data-widget_type=\"heading.default\">\n\t\t\t\t<div class=\"elementor-widget-container\">\n\t\t\t\t\t<h4 class=\"elementor-heading-title elementor-size-default\">KOntakt<\/h4>\t\t\t\t<\/div>\n\t\t\t\t<\/div>\n\t\t\t\t<div class=\"elementor-element elementor-element-15785cf3 elementor-icon-list--layout-traditional elementor-list-item-link-full_width elementor-widget elementor-widget-icon-list\" data-id=\"15785cf3\" data-element_type=\"widget\" data-e-type=\"widget\" data-widget_type=\"icon-list.default\">\n\t\t\t\t<div class=\"elementor-widget-container\">\n\t\t\t\t\t\t\t<ul class=\"elementor-icon-list-items\">\n\t\t\t\t\t\t\t<li class=\"elementor-icon-list-item\">\n\t\t\t\t\t\t\t\t\t\t<span class=\"elementor-icon-list-text\">Impressum<\/span>\n\t\t\t\t\t\t\t\t\t<\/li>\n\t\t\t\t\t\t\t\t<li class=\"elementor-icon-list-item\">\n\t\t\t\t\t\t\t\t\t\t<span class=\"elementor-icon-list-text\">AGB<\/span>\n\t\t\t\t\t\t\t\t\t<\/li>\n\t\t\t\t\t\t<\/ul>\n\t\t\t\t\t\t<\/div>\n\t\t\t\t<\/div>\n\t\t\t\t\t<\/div>\n\t\t<\/div>\n\t\t\t\t<div class=\"elementor-column elementor-col-20 elementor-top-column elementor-element elementor-element-771fbeab\" data-id=\"771fbeab\" data-element_type=\"column\" data-e-type=\"column\">\n\t\t\t<div class=\"elementor-widget-wrap elementor-element-populated\">\n\t\t\t\t\t\t<div class=\"elementor-element elementor-element-4896cba5 elementor-widget elementor-widget-heading\" data-id=\"4896cba5\" data-element_type=\"widget\" data-e-type=\"widget\" data-widget_type=\"heading.default\">\n\t\t\t\t<div class=\"elementor-widget-container\">\n\t\t\t\t\t<h4 class=\"elementor-heading-title elementor-size-default\">KOntakt<\/h4>\t\t\t\t<\/div>\n\t\t\t\t<\/div>\n\t\t\t\t<div class=\"elementor-element elementor-element-40f1afcd elementor-icon-list--layout-traditional elementor-list-item-link-full_width elementor-widget elementor-widget-icon-list\" data-id=\"40f1afcd\" data-element_type=\"widget\" data-e-type=\"widget\" data-widget_type=\"icon-list.default\">\n\t\t\t\t<div class=\"elementor-widget-container\">\n\t\t\t\t\t\t\t<ul class=\"elementor-icon-list-items\">\n\t\t\t\t\t\t\t<li class=\"elementor-icon-list-item\">\n\t\t\t\t\t\t\t\t\t\t<span class=\"elementor-icon-list-text\">B&amp;B Villa Thomasgarten<\/span>\n\t\t\t\t\t\t\t\t\t<\/li>\n\t\t\t\t\t\t\t\t<li class=\"elementor-icon-list-item\">\n\t\t\t\t\t\t\t\t\t\t<span class=\"elementor-icon-list-text\">Im Thomasgarten 54<\/span>\n\t\t\t\t\t\t\t\t\t<\/li>\n\t\t\t\t\t\t\t\t<li class=\"elementor-icon-list-item\">\n\t\t\t\t\t\t\t\t\t\t<span class=\"elementor-icon-list-text\">4104 Oberwil<\/span>\n\t\t\t\t\t\t\t\t\t<\/li>\n\t\t\t\t\t\t\t\t<li class=\"elementor-icon-list-item\">\n\t\t\t\t\t\t\t\t\t\t<span class=\"elementor-icon-list-text\">Schweiz<\/span>\n\t\t\t\t\t\t\t\t\t<\/li>\n\t\t\t\t\t\t\t\t<li class=\"elementor-icon-list-item\">\n\t\t\t\t\t\t\t\t\t\t\t<a href=\"mailto:in**@****************en.ch\" data-original-string=\"J55JM+VsdI4ycbNHOBMLxg==faa3ZJnISY\/vpFe5JQuWElYpZiczW6ovWNnqM2rZrwKrRI=\" title=\"Dieser Kontakt wurde von Anti-Spam by CleanTalk verschl\u00fcsselt. Klicken Sie hier, um ihn zu entschl\u00fcsseln. Um die Entschl\u00fcsselung abzuschlie\u00dfen, stellen Sie sicher, dass JavaScript in Ihrem Browser aktiviert ist.\">\n\n\t\t\t\t\t\t\t\t\t\t\t<span class=\"elementor-icon-list-text\"><span \n                data-original-string='MbYr4GicMwqB2L0UDuoEkQ==faaXFoRAbSyp7O7syKuhzMPe+4L9euRwOPdUF3mwF7tJwM='\n                class='apbct-email-encoder'\n                title='Dieser Kontakt wurde von Anti-Spam by CleanTalk verschl\u00fcsselt. Klicken Sie hier, um ihn zu entschl\u00fcsseln. Um die Entschl\u00fcsselung abzuschlie\u00dfen, stellen Sie sicher, dass JavaScript in Ihrem Browser aktiviert ist.'>in<span class=\"apbct-blur\">**<\/span>@<span class=\"apbct-blur\">****************<\/span>en.ch<\/span><\/span>\n\t\t\t\t\t\t\t\t\t\t\t<\/a>\n\t\t\t\t\t\t\t\t\t<\/li>\n\t\t\t\t\t\t\t\t<li class=\"elementor-icon-list-item\">\n\t\t\t\t\t\t\t\t\t\t\t<a href=\"tel:+41%2061%20599%2045%2012\">\n\n\t\t\t\t\t\t\t\t\t\t\t<span class=\"elementor-icon-list-text\">+41 61 599 45 12<\/span>\n\t\t\t\t\t\t\t\t\t\t\t<\/a>\n\t\t\t\t\t\t\t\t\t<\/li>\n\t\t\t\t\t\t<\/ul>\n\t\t\t\t\t\t<\/div>\n\t\t\t\t<\/div>\n\t\t\t\t\t<\/div>\n\t\t<\/div>\n\t\t\t\t\t<\/div>\n\t\t<\/section>\n\t\t\t\t<\/div>\n\t\t","protected":false},"excerpt":{"rendered":"<p>Fotogalerie Bus von Basel Tram von Basel Restaurant Dorfkern mit katholischer KIrche Coop Supermarkt Wundersch\u00f6ner Doppelregenbogen \u00fcber Oberwil Entspannte Atmosph\u00e4re Verschneite Villa Thomasgarten KOntakt Impressum AGB KOntakt B&amp;B Villa Thomasgarten Im Thomasgarten 54 4104 Oberwil Schweiz in**@****************en.ch +41 61 599 45 12<\/p>\n","protected":false},"author":1,"featured_media":0,"parent":0,"menu_order":0,"comment_status":"closed","ping_status":"closed","template":"elementor_canvas","meta":{"footnotes":""},"class_list":["post-12","page","type-page","status-publish","hentry"],"_links":{"self":[{"href":"https:\/\/villa-thomasgarten.ch\/index.php\/wp-json\/wp\/v2\/pages\/12","targetHints":{"allow":["GET"]}}],"collection":[{"href":"https:\/\/villa-thomasgarten.ch\/index.php\/wp-json\/wp\/v2\/pages"}],"about":[{"href":"https:\/\/villa-thomasgarten.ch\/index.php\/wp-json\/wp\/v2\/types\/page"}],"author":[{"embeddable":true,"href":"https:\/\/villa-thomasgarten.ch\/index.php\/wp-json\/wp\/v2\/users\/1"}],"replies":[{"embeddable":true,"href":"https:\/\/villa-thomasgarten.ch\/index.php\/wp-json\/wp\/v2\/comments?post=12"}],"version-history":[{"count":85,"href":"https:\/\/villa-thomasgarten.ch\/index.php\/wp-json\/wp\/v2\/pages\/12\/revisions"}],"predecessor-version":[{"id":1666,"href":"https:\/\/villa-thomasgarten.ch\/index.php\/wp-json\/wp\/v2\/pages\/12\/revisions\/1666"}],"wp:attachment":[{"href":"https:\/\/villa-thomasgarten.ch\/index.php\/wp-json\/wp\/v2\/media?parent=12"}],"curies":[{"name":"wp","href":"https:\/\/api.w.org\/{rel}","templated":true}]}}